{"id":750,"date":"2026-04-06T09:18:50","date_gmt":"2026-04-06T06:18:50","guid":{"rendered":"https:\/\/bursainvest.gov.tr\/?page_id=750"},"modified":"2026-04-06T11:19:06","modified_gmt":"2026-04-06T08:19:06","slug":"anadoludakiler-81-il-81-urun-programi-urun-belirleme-anketi","status":"publish","type":"page","link":"https:\/\/bursainvest.gov.tr\/tr\/anadoludakiler-81-il-81-urun-programi-urun-belirleme-anketi\/","title":{"rendered":"Anadoludakiler: 81 il 81 \u00dcr\u00fcn Program\u0131 \u00dcr\u00fcn Belirleme Anketi"},"content":{"rendered":"<p style=\"font-weight: 400;\"><strong>ANADOLUDAK\u0130LER : 81 \u0130l 81 \u00dcR\u00dcN PROGRAMI<\/strong><\/p>\n<p style=\"font-weight: 400;\">T\u00fcrkiye, co\u011frafi \u00e7e\u015fitlili\u011fi ve k\u00fclt\u00fcrel zenginli\u011fi ile her ilinde kendine \u00f6zg\u00fc \u00fcr\u00fcnler ve \u00fcretim gelenekleri bar\u0131nd\u0131rmaktad\u0131r. Bu \u00fcr\u00fcnler, hem ekonomik hem de sosyal ve k\u00fclt\u00fcrel a\u00e7\u0131dan b\u00f6lgesel kalk\u0131nman\u0131n \u00f6nemli unsurlar\u0131n\u0131 olu\u015fturur. Ancak bir\u00e7ok ilde, y\u00f6reye \u00f6zg\u00fc \u00fcr\u00fcnler yeterince tan\u0131t\u0131lamamakta, de\u011fer zincirinde katma de\u011fer yaratacak bi\u00e7imde de\u011ferlendirilememekte ve ulusal ile uluslararas\u0131 pazarlara eri\u015fimde b\u00fct\u00fcnc\u00fcl ve sistematik bir yakla\u015f\u0131m geli\u015ftirilememektedir.<\/p>\n<p style=\"font-weight: 400;\">\u201cAnadoludakiler: 81 \u0130l 81 \u00dcr\u00fcn Program\u0131\u201d, T\u00fcrkiye\u2019nin her ilindeki \u00f6zg\u00fcn \u00fcr\u00fcnleri belirlemeyi, bu \u00fcr\u00fcnlerin potansiyelini b\u00fct\u00fcnc\u00fcl bir yakla\u015f\u0131mla de\u011ferlendirmeyi ve s\u00fcrd\u00fcr\u00fclebilir \u015fekilde geli\u015ftirilmesini ama\u00e7layan stratejik bir giri\u015fimdir. Program, her ilin k\u00fclt\u00fcrel ve \u00fcretim zenginli\u011fini g\u00f6r\u00fcn\u00fcr k\u0131larken, ekonomik kalk\u0131nma, istihdam yaratma ve yerel de\u011ferlerin korunmas\u0131 gibi \u00e7ok boyutlu hedeflere hizmet etmektedir.<\/p>\n<p style=\"font-weight: 400;\">S\u00f6z konusu anket program \u00e7er\u00e7evesinde Bursa ili i\u00e7in belirlenecek \u00fcr\u00fcn i\u00e7in bir \u00f6n \u00e7al\u0131\u015fma olarak haz\u0131rlanm\u0131\u015ft\u0131r. Anket sonucunda \u00f6ne \u00e7\u0131kan \u00fcr\u00fcnler konu ile ilgili payda\u015flar\u0131m\u0131z ile isti\u015fare edilecek ve son de\u011ferlendirmeler neticesinde BEBKA Y\u00f6netim Kurulu Karar\u0131 ile belirlenecektir.<\/p>\n<p style=\"font-weight: 400;\">Anketimize kat\u0131l\u0131m g\u00f6sterdi\u011finiz i\u00e7in te\u015fekk\u00fcr ederiz.<\/p>\n<p>KVKK A\u00c7IKLAMASI<\/p>\n<p>Bursa Eski\u015fehir Bilecik Kalk\u0131nma Ajans\u0131 (?Ajans?) olarak ki\u015fisel verilerin g\u00fcvenli\u011fi hususunda azami hassasiyet g\u00f6stermekteyiz. Bursa Eski\u015fehir Bilecik Kalk\u0131nma Ajans\u0131, ki\u015fisel verilerinizin hukuka uygun olarak toplanmas\u0131, saklanmas\u0131 ve payla\u015f\u0131lmas\u0131n\u0131n sa\u011flanmas\u0131 ve gizlili\u011finizi korumak amac\u0131yla ilgili mevzuat \u00e7er\u00e7evesinde m\u00fcmk\u00fcn olan en \u00fcst seviyede g\u00fcvenlik tedbirlerini almaktad\u0131r. \u0130\u015fbu sorumlulu\u011fumuzun fark\u0131ndal\u0131\u011f\u0131 ile 6698 s.k. kapsam\u0131nda veri sorumlusu s\u0131fat\u0131yla, ki\u015fisel verilerinizi a\u015fa\u011f\u0131da izah edildi\u011fi \u015fekilde ve mevzuat \u00e7er\u00e7evesinde i\u015flemekteyiz.<\/p>\n<p><strong>Anketimize devam etmeniz durumunda KVKK kapsam\u0131nda t\u00fcm \u015fartlar\u0131 kabul etmi\u015f oldu\u011funuz de\u011ferlendirilecektir.<\/strong><\/p>\n<p>KVKK ayd\u0131nlatma metni i\u00e7in: <a href=\"https:\/\/bebka.org.tr\/kvkk-aydinlatma-metni\/\">https:\/\/bebka.org.tr\/kvkk-aydinlatma-metni\/<\/a><\/p>\n<div><div class=\"column one\"><div class=\"mcb-column-inner\"><script language=\"javascript\" type=\"text\/javascript\">\nvar adb_SurveyID = '01ac4737ce44431c8938a476986470b9';\nvar adb_Text = 'surveey.com';\nvar adb_LangId = '1';\n<\/script><br \/>\n<script type=\"text\/javascript\" language=\"javascript\" src=\"https:\/\/statics.surveey.com\/js\/common\/Surveey.js?28\"><\/script><\/div><\/div>\n<\/div>\n","protected":false},"excerpt":{"rendered":"<p>ANADOLUDAK\u0130LER : 81 \u0130l 81 \u00dcR\u00dcN PROGRAMI T\u00fcrkiye, co\u011frafi \u00e7e\u015fitlili\u011fi ve k\u00fclt\u00fcrel zenginli\u011fi ile her ilinde kendine \u00f6zg\u00fc \u00fcr\u00fcnler ve \u00fcretim gelenekleri bar\u0131nd\u0131rmaktad\u0131r. Bu \u00fcr\u00fcnler, hem<span class=\"excerpt-hellip\"> [\u2026]<\/span><\/p>\n","protected":false},"author":2,"featured_media":-1,"parent":0,"menu_order":0,"comment_status":"closed","ping_status":"closed","template":"","meta":{"footnotes":""},"class_list":["post-750","page","type-page","status-publish","has-post-thumbnail","hentry"],"_links":{"self":[{"href":"https:\/\/bursainvest.gov.tr\/tr\/wp-json\/wp\/v2\/pages\/750","targetHints":{"allow":["GET"]}}],"collection":[{"href":"https:\/\/bursainvest.gov.tr\/tr\/wp-json\/wp\/v2\/pages"}],"about":[{"href":"https:\/\/bursainvest.gov.tr\/tr\/wp-json\/wp\/v2\/types\/page"}],"author":[{"embeddable":true,"href":"https:\/\/bursainvest.gov.tr\/tr\/wp-json\/wp\/v2\/users\/2"}],"replies":[{"embeddable":true,"href":"https:\/\/bursainvest.gov.tr\/tr\/wp-json\/wp\/v2\/comments?post=750"}],"version-history":[{"count":9,"href":"https:\/\/bursainvest.gov.tr\/tr\/wp-json\/wp\/v2\/pages\/750\/revisions"}],"predecessor-version":[{"id":759,"href":"https:\/\/bursainvest.gov.tr\/tr\/wp-json\/wp\/v2\/pages\/750\/revisions\/759"}],"wp:featuredmedia":[{"embeddable":true,"href":"https:\/\/bursainvest.gov.tr\/tr\/wp-json\/"}],"wp:attachment":[{"href":"https:\/\/bursainvest.gov.tr\/tr\/wp-json\/wp\/v2\/media?parent=750"}],"curies":[{"name":"wp","href":"https:\/\/api.w.org\/{rel}","templated":true}]}}